{"id":4806,"date":"2021-12-18T14:07:27","date_gmt":"2021-12-18T13:07:27","guid":{"rendered":"https:\/\/photoclub-sg35.fr\/?page_id=4806"},"modified":"2025-01-15T12:00:01","modified_gmt":"2025-01-15T11:00:01","slug":"histoire-du-club","status":"publish","type":"page","link":"https:\/\/photoclub-sg35.fr\/?page_id=4806","title":{"rendered":"Histoire du club"},"content":{"rendered":"\t\t<div data-elementor-type=\"wp-page\" data-elementor-id=\"4806\" class=\"elementor elementor-4806\">\n\t\t\t\t\t\t<section class=\"elementor-section elementor-top-section elementor-element elementor-element-8bbc458 elementor-section-boxed elementor-section-height-default elementor-section-height-default\" data-id=\"8bbc458\" data-element_type=\"section\" data-e-type=\"section\">\n\t\t\t\t\t\t<div class=\"elementor-container elementor-column-gap-default\">\n\t\t\t\t\t<div class=\"elementor-column elementor-col-100 elementor-top-column elementor-element elementor-element-8884ac0\" data-id=\"8884ac0\" data-element_type=\"column\" data-e-type=\"column\">\n\t\t\t<div class=\"elementor-widget-wrap elementor-element-populated\">\n\t\t\t\t\t\t<div class=\"elementor-element elementor-element-527b8ea elementor-widget elementor-widget-text-editor\" data-id=\"527b8ea\" data-element_type=\"widget\" data-e-type=\"widget\" data-widget_type=\"text-editor.default\">\n\t\t\t\t<div class=\"elementor-widget-container\">\n\t\t\t\t\t\t\t\t\t<p>C\u2019est au mois de juin 2019 que l\u2019id\u00e9e d\u2019un club photo a \u00e9t\u00e9 lanc\u00e9e par Michel Aubert et quelques passionn\u00e9s.<\/p>\n<p>Il s\u2019agissait d\u2019offrir un lieu pour apprendre ou se perfectionner en technique photographique mais surtout de cr\u00e9er une communaut\u00e9 pour pratiquer la prise de vue et \u00e9changer sur les r\u00e9alisations de chacun. Ici nul besoin d\u2019\u00eatre expert technique ni d\u2019avoir 40 ann\u00e9es de pratique, il suffit de venir avec ses envies, son regard et \u2026 son appareil photo pour participer aux activit\u00e9s.<\/p>\n<p>Depuis septembre 2019, le club, aujourd\u2019hui riche d\u2019une trentaine de membres, se r\u00e9unit deux fois par mois en soir\u00e9e le mercredi \u00e0 la salle du Courtil, \u00e0 Saint-Gilles.<\/p>\n<p>Ces r\u00e9unions sont l\u2019occasion de pr\u00e9sentations th\u00e9oriques et techniques sur la photo, la prise de vue, le cadrage, la lumi\u00e8re ou l\u2019utilisation du flash mais surtout d\u2019\u00e9changes et de propositions autour des photos apport\u00e9es par chacun des participants sur un th\u00e8me choisi en commun lors de la r\u00e9union pr\u00e9c\u00e9dente.<\/p>\n<p>Des th\u00e8mes techniques comme \u00ab&nbsp;le noir et blanc&nbsp;\u00bb ou \u00ab&nbsp;les grandes perspectives&nbsp;\u00bb et cr\u00e9atifs comme \u00ab&nbsp;les escaliers&nbsp;\u00bb ou \u00ab&nbsp;le d\u00e9lire&nbsp;\u00bb ont donn\u00e9 \u00e0 chacun l\u2019occasion d\u2019essayer de nouvelles techniques et de produire des images vari\u00e9es et riches de chacune des personnalit\u00e9s pr\u00e9sentes.<\/p>\n<p>Des sorties photos, en petits groupes, sont r\u00e9guli\u00e8rement propos\u00e9es. Chaque premier lundi de mois, des ateliers permettent d&rsquo;approfondir la technique, la d\u00e9couverte des \u00e9quipements, l&rsquo;histoire et la culture photographique.<\/p>\n<p>Ce site se veut la vitrine des activit\u00e9s du club, il s\u2019enrichit au fur et \u00e0 mesure des productions r\u00e9alis\u00e9es soit collectivement (galerie par th\u00e8me), soit individuellement (galerie des adh\u00e9rents).<\/p>\t\t\t\t\t\t\t\t<\/div>\n\t\t\t\t<\/div>\n\t\t\t\t\t<\/div>\n\t\t<\/div>\n\t\t\t\t\t<\/div>\n\t\t<\/section>\n\t\t\t\t<\/div>\n\t\t","protected":false},"excerpt":{"rendered":"<p>C\u2019est au mois de juin 2019 que l\u2019id\u00e9e d\u2019un club photo a \u00e9t\u00e9 lanc\u00e9e par Michel Aubert et quelques passionn\u00e9s. Il s\u2019agissait d\u2019offrir un lieu pour apprendre ou se perfectionner en technique photographique mais surtout de cr\u00e9er une communaut\u00e9 pour pratiquer la prise de vue et \u00e9changer sur les r\u00e9alisations de chacun. Ici nul besoin&hellip;<\/p>\n","protected":false},"author":6,"featured_media":0,"parent":0,"menu_order":0,"comment_status":"closed","ping_status":"closed","template":"","meta":{"footnotes":""},"class_list":["post-4806","page","type-page","status-publish","hentry"],"yoast_head":"<!-- This site is optimized with the Yoast SEO plugin v27.5 - https:\/\/yoast.com\/product\/yoast-seo-wordpress\/ -->\n<title>Histoire du club - Photoclub-SG35<\/title>\n<meta name=\"robots\" content=\"index, follow, max-snippet:-1, max-image-preview:large, max-video-preview:-1\" \/>\n<link rel=\"canonical\" href=\"https:\/\/photoclub-saintgilles.fr\/?page_id=4806\" \/>\n<meta property=\"og:locale\" content=\"fr_FR\" \/>\n<meta property=\"og:type\" content=\"article\" \/>\n<meta property=\"og:title\" content=\"Histoire du club - Photoclub-SG35\" \/>\n<meta property=\"og:description\" content=\"C\u2019est au mois de juin 2019 que l\u2019id\u00e9e d\u2019un club photo a \u00e9t\u00e9 lanc\u00e9e par Michel Aubert et quelques passionn\u00e9s. Il s\u2019agissait d\u2019offrir un lieu pour apprendre ou se perfectionner en technique photographique mais surtout de cr\u00e9er une communaut\u00e9 pour pratiquer la prise de vue et \u00e9changer sur les r\u00e9alisations de chacun. Ici nul besoin&hellip;\" \/>\n<meta property=\"og:url\" content=\"https:\/\/photoclub-saintgilles.fr\/?page_id=4806\" \/>\n<meta property=\"og:site_name\" content=\"Photoclub-SG35\" \/>\n<meta property=\"article:publisher\" content=\"https:\/\/www.facebook.com\/photoclubsaintgilles\" \/>\n<meta property=\"article:modified_time\" content=\"2025-01-15T11:00:01+00:00\" \/>\n<meta name=\"twitter:card\" content=\"summary_large_image\" \/>\n<meta name=\"twitter:label1\" content=\"Dur\u00e9e de lecture estim\u00e9e\" \/>\n\t<meta name=\"twitter:data1\" content=\"2 minutes\" \/>\n<script type=\"application\/ld+json\" class=\"yoast-schema-graph\">{\"@context\":\"https:\\\/\\\/schema.org\",\"@graph\":[{\"@type\":\"WebPage\",\"@id\":\"https:\\\/\\\/photoclub-saintgilles.fr\\\/?page_id=4806\",\"url\":\"https:\\\/\\\/photoclub-saintgilles.fr\\\/?page_id=4806\",\"name\":\"Histoire du club - Photoclub-SG35\",\"isPartOf\":{\"@id\":\"https:\\\/\\\/photoclub-saintgilles.fr\\\/#website\"},\"datePublished\":\"2021-12-18T13:07:27+00:00\",\"dateModified\":\"2025-01-15T11:00:01+00:00\",\"breadcrumb\":{\"@id\":\"https:\\\/\\\/photoclub-saintgilles.fr\\\/?page_id=4806#breadcrumb\"},\"inLanguage\":\"fr-FR\",\"potentialAction\":[{\"@type\":\"ReadAction\",\"target\":[\"https:\\\/\\\/photoclub-saintgilles.fr\\\/?page_id=4806\"]}]},{\"@type\":\"BreadcrumbList\",\"@id\":\"https:\\\/\\\/photoclub-saintgilles.fr\\\/?page_id=4806#breadcrumb\",\"itemListElement\":[{\"@type\":\"ListItem\",\"position\":1,\"name\":\"Accueil\",\"item\":\"https:\\\/\\\/photoclub-saintgilles.fr\\\/\"},{\"@type\":\"ListItem\",\"position\":2,\"name\":\"Histoire du club\"}]},{\"@type\":\"WebSite\",\"@id\":\"https:\\\/\\\/photoclub-saintgilles.fr\\\/#website\",\"url\":\"https:\\\/\\\/photoclub-saintgilles.fr\\\/\",\"name\":\"Photoclub-SG35\",\"description\":\"Photo club Saint-Gilles - (Rennes)\",\"publisher\":{\"@id\":\"https:\\\/\\\/photoclub-saintgilles.fr\\\/#organization\"},\"potentialAction\":[{\"@type\":\"SearchAction\",\"target\":{\"@type\":\"EntryPoint\",\"urlTemplate\":\"https:\\\/\\\/photoclub-saintgilles.fr\\\/?s={search_term_string}\"},\"query-input\":{\"@type\":\"PropertyValueSpecification\",\"valueRequired\":true,\"valueName\":\"search_term_string\"}}],\"inLanguage\":\"fr-FR\"},{\"@type\":\"Organization\",\"@id\":\"https:\\\/\\\/photoclub-saintgilles.fr\\\/#organization\",\"name\":\"PhotoClub Saint-Gilles\",\"url\":\"https:\\\/\\\/photoclub-saintgilles.fr\\\/\",\"logo\":{\"@type\":\"ImageObject\",\"inLanguage\":\"fr-FR\",\"@id\":\"https:\\\/\\\/photoclub-saintgilles.fr\\\/#\\\/schema\\\/logo\\\/image\\\/\",\"url\":\"https:\\\/\\\/photoclub-sg35.fr\\\/wp-content\\\/uploads\\\/2021\\\/05\\\/logo-300x109-1.jpg\",\"contentUrl\":\"https:\\\/\\\/photoclub-sg35.fr\\\/wp-content\\\/uploads\\\/2021\\\/05\\\/logo-300x109-1.jpg\",\"width\":300,\"height\":86,\"caption\":\"PhotoClub Saint-Gilles\"},\"image\":{\"@id\":\"https:\\\/\\\/photoclub-saintgilles.fr\\\/#\\\/schema\\\/logo\\\/image\\\/\"},\"sameAs\":[\"https:\\\/\\\/www.facebook.com\\\/photoclubsaintgilles\",\"https:\\\/\\\/www.instagram.com\\\/photoclubsaintgilles\\\/\"]}]}<\/script>\n<!-- \/ Yoast SEO plugin. -->","yoast_head_json":{"title":"Histoire du club - Photoclub-SG35","robots":{"index":"index","follow":"follow","max-snippet":"max-snippet:-1","max-image-preview":"max-image-preview:large","max-video-preview":"max-video-preview:-1"},"canonical":"https:\/\/photoclub-saintgilles.fr\/?page_id=4806","og_locale":"fr_FR","og_type":"article","og_title":"Histoire du club - Photoclub-SG35","og_description":"C\u2019est au mois de juin 2019 que l\u2019id\u00e9e d\u2019un club photo a \u00e9t\u00e9 lanc\u00e9e par Michel Aubert et quelques passionn\u00e9s. Il s\u2019agissait d\u2019offrir un lieu pour apprendre ou se perfectionner en technique photographique mais surtout de cr\u00e9er une communaut\u00e9 pour pratiquer la prise de vue et \u00e9changer sur les r\u00e9alisations de chacun. Ici nul besoin&hellip;","og_url":"https:\/\/photoclub-saintgilles.fr\/?page_id=4806","og_site_name":"Photoclub-SG35","article_publisher":"https:\/\/www.facebook.com\/photoclubsaintgilles","article_modified_time":"2025-01-15T11:00:01+00:00","twitter_card":"summary_large_image","twitter_misc":{"Dur\u00e9e de lecture estim\u00e9e":"2 minutes"},"schema":{"@context":"https:\/\/schema.org","@graph":[{"@type":"WebPage","@id":"https:\/\/photoclub-saintgilles.fr\/?page_id=4806","url":"https:\/\/photoclub-saintgilles.fr\/?page_id=4806","name":"Histoire du club - Photoclub-SG35","isPartOf":{"@id":"https:\/\/photoclub-saintgilles.fr\/#website"},"datePublished":"2021-12-18T13:07:27+00:00","dateModified":"2025-01-15T11:00:01+00:00","breadcrumb":{"@id":"https:\/\/photoclub-saintgilles.fr\/?page_id=4806#breadcrumb"},"inLanguage":"fr-FR","potentialAction":[{"@type":"ReadAction","target":["https:\/\/photoclub-saintgilles.fr\/?page_id=4806"]}]},{"@type":"BreadcrumbList","@id":"https:\/\/photoclub-saintgilles.fr\/?page_id=4806#breadcrumb","itemListElement":[{"@type":"ListItem","position":1,"name":"Accueil","item":"https:\/\/photoclub-saintgilles.fr\/"},{"@type":"ListItem","position":2,"name":"Histoire du club"}]},{"@type":"WebSite","@id":"https:\/\/photoclub-saintgilles.fr\/#website","url":"https:\/\/photoclub-saintgilles.fr\/","name":"Photoclub-SG35","description":"Photo club Saint-Gilles - (Rennes)","publisher":{"@id":"https:\/\/photoclub-saintgilles.fr\/#organization"},"potentialAction":[{"@type":"SearchAction","target":{"@type":"EntryPoint","urlTemplate":"https:\/\/photoclub-saintgilles.fr\/?s={search_term_string}"},"query-input":{"@type":"PropertyValueSpecification","valueRequired":true,"valueName":"search_term_string"}}],"inLanguage":"fr-FR"},{"@type":"Organization","@id":"https:\/\/photoclub-saintgilles.fr\/#organization","name":"PhotoClub Saint-Gilles","url":"https:\/\/photoclub-saintgilles.fr\/","logo":{"@type":"ImageObject","inLanguage":"fr-FR","@id":"https:\/\/photoclub-saintgilles.fr\/#\/schema\/logo\/image\/","url":"https:\/\/photoclub-sg35.fr\/wp-content\/uploads\/2021\/05\/logo-300x109-1.jpg","contentUrl":"https:\/\/photoclub-sg35.fr\/wp-content\/uploads\/2021\/05\/logo-300x109-1.jpg","width":300,"height":86,"caption":"PhotoClub Saint-Gilles"},"image":{"@id":"https:\/\/photoclub-saintgilles.fr\/#\/schema\/logo\/image\/"},"sameAs":["https:\/\/www.facebook.com\/photoclubsaintgilles","https:\/\/www.instagram.com\/photoclubsaintgilles\/"]}]}},"_links":{"self":[{"href":"https:\/\/photoclub-sg35.fr\/index.php?rest_route=\/wp\/v2\/pages\/4806","targetHints":{"allow":["GET"]}}],"collection":[{"href":"https:\/\/photoclub-sg35.fr\/index.php?rest_route=\/wp\/v2\/pages"}],"about":[{"href":"https:\/\/photoclub-sg35.fr\/index.php?rest_route=\/wp\/v2\/types\/page"}],"author":[{"embeddable":true,"href":"https:\/\/photoclub-sg35.fr\/index.php?rest_route=\/wp\/v2\/users\/6"}],"replies":[{"embeddable":true,"href":"https:\/\/photoclub-sg35.fr\/index.php?rest_route=%2Fwp%2Fv2%2Fcomments&post=4806"}],"version-history":[{"count":7,"href":"https:\/\/photoclub-sg35.fr\/index.php?rest_route=\/wp\/v2\/pages\/4806\/revisions"}],"predecessor-version":[{"id":6316,"href":"https:\/\/photoclub-sg35.fr\/index.php?rest_route=\/wp\/v2\/pages\/4806\/revisions\/6316"}],"wp:attachment":[{"href":"https:\/\/photoclub-sg35.fr\/index.php?rest_route=%2Fwp%2Fv2%2Fmedia&parent=4806"}],"curies":[{"name":"wp","href":"https:\/\/api.w.org\/{rel}","templated":true}]}}